{"id":105,"date":"2022-10-29T11:57:48","date_gmt":"2022-10-29T11:57:48","guid":{"rendered":"https:\/\/moebel-schroeder.net\/index.html\/?page_id=105"},"modified":"2022-12-22T16:37:42","modified_gmt":"2022-12-22T16:37:42","slug":"kuechen-html","status":"publish","type":"page","link":"https:\/\/moebel-schroeder.net\/index.html\/kuechen-html\/","title":{"rendered":"Unser K\u00fcchenstudio"},"content":{"rendered":"\n<p>Ihre K\u00fcche zu Hause ist sicherlich mit der wichtigste Raum. Wir helfen Ihnen beim neugestalten. Wir planen und beraten Sie gerne. Von welchem Hersteller Sie sich Ihre neue K\u00fcche auch aussuchen, Nolte, Nobilia, Bauformat oder Burger, alle bieten eine unglaubliche Vielfalt. Aus diesem Grund ist es nur logisch, dass wir gemeinsam am PC in 3D planen.<\/p>\n\n\n\n<figure class=\"wp-block-gallery has-nested-images columns-default is-cropped wp-block-gallery-1 is-layout-flex wp-block-gallery-is-layout-flex\">\n<figure class=\"wp-block-image size-large\"><img loading=\"lazy\" decoding=\"async\" width=\"1024\" height=\"725\" data-id=\"139\" src=\"https:\/\/moebel-schroeder.net\/wp-content\/uploads\/2022\/10\/mbrg_437_449_02-highres-1024x725.jpg\" alt=\"\" class=\"wp-image-139\" srcset=\"https:\/\/moebel-schroeder.net\/wp-content\/uploads\/2022\/10\/mbrg_437_449_02-highres-1024x725.jpg 1024w, https:\/\/moebel-schroeder.net\/wp-content\/uploads\/2022\/10\/mbrg_437_449_02-highres-300x212.jpg 300w, https:\/\/moebel-schroeder.net\/wp-content\/uploads\/2022\/10\/mbrg_437_449_02-highres-768x544.jpg 768w, https:\/\/moebel-schroeder.net\/wp-content\/uploads\/2022\/10\/mbrg_437_449_02-highres-1536x1087.jpg 1536w, https:\/\/moebel-schroeder.net\/wp-content\/uploads\/2022\/10\/mbrg_437_449_02-highres-2048x1450.jpg 2048w\" sizes=\"auto, (max-width: 1024px) 100vw, 1024px\" \/><figcaption class=\"wp-element-caption\">Die Mara in lackiert.<\/figcaption><\/figure>\n\n\n\n<figure class=\"wp-block-image size-large\"><img loading=\"lazy\" decoding=\"async\" width=\"1024\" height=\"850\" data-id=\"135\" src=\"https:\/\/moebel-schroeder.net\/wp-content\/uploads\/2022\/10\/mbrg126_242-highres-1024x850.jpg\" alt=\"\" class=\"wp-image-135\" srcset=\"https:\/\/moebel-schroeder.net\/wp-content\/uploads\/2022\/10\/mbrg126_242-highres-1024x850.jpg 1024w, https:\/\/moebel-schroeder.net\/wp-content\/uploads\/2022\/10\/mbrg126_242-highres-300x249.jpg 300w, https:\/\/moebel-schroeder.net\/wp-content\/uploads\/2022\/10\/mbrg126_242-highres-768x638.jpg 768w, https:\/\/moebel-schroeder.net\/wp-content\/uploads\/2022\/10\/mbrg126_242-highres-1536x1275.jpg 1536w, https:\/\/moebel-schroeder.net\/wp-content\/uploads\/2022\/10\/mbrg126_242-highres-2048x1700.jpg 2048w\" sizes=\"auto, (max-width: 1024px) 100vw, 1024px\" \/><figcaption class=\"wp-element-caption\">Vielleicht ein Dekormix?<\/figcaption><\/figure>\n\n\n\n<figure class=\"wp-block-image size-large\"><img loading=\"lazy\" decoding=\"async\" width=\"1024\" height=\"724\" data-id=\"137\" src=\"https:\/\/moebel-schroeder.net\/wp-content\/uploads\/2022\/10\/mbrg145_157_01-highres-1024x724.jpg\" alt=\"\" class=\"wp-image-137\" srcset=\"https:\/\/moebel-schroeder.net\/wp-content\/uploads\/2022\/10\/mbrg145_157_01-highres-1024x724.jpg 1024w, https:\/\/moebel-schroeder.net\/wp-content\/uploads\/2022\/10\/mbrg145_157_01-highres-300x212.jpg 300w, https:\/\/moebel-schroeder.net\/wp-content\/uploads\/2022\/10\/mbrg145_157_01-highres-768x543.jpg 768w, https:\/\/moebel-schroeder.net\/wp-content\/uploads\/2022\/10\/mbrg145_157_01-highres-1536x1086.jpg 1536w, https:\/\/moebel-schroeder.net\/wp-content\/uploads\/2022\/10\/mbrg145_157_01-highres-2048x1447.jpg 2048w\" sizes=\"auto, (max-width: 1024px) 100vw, 1024px\" \/><figcaption class=\"wp-element-caption\">In Naturholz NB?<\/figcaption><\/figure>\n\n\n\n<figure class=\"wp-block-image size-large\"><img loading=\"lazy\" decoding=\"async\" width=\"1024\" height=\"1024\" data-id=\"138\" src=\"https:\/\/moebel-schroeder.net\/wp-content\/uploads\/2022\/10\/mbrg246_12-highres-1024x1024.jpg\" alt=\"\" class=\"wp-image-138\" srcset=\"https:\/\/moebel-schroeder.net\/wp-content\/uploads\/2022\/10\/mbrg246_12-highres-1024x1024.jpg 1024w, https:\/\/moebel-schroeder.net\/wp-content\/uploads\/2022\/10\/mbrg246_12-highres-300x300.jpg 300w, https:\/\/moebel-schroeder.net\/wp-content\/uploads\/2022\/10\/mbrg246_12-highres-150x150.jpg 150w, https:\/\/moebel-schroeder.net\/wp-content\/uploads\/2022\/10\/mbrg246_12-highres-768x768.jpg 768w, https:\/\/moebel-schroeder.net\/wp-content\/uploads\/2022\/10\/mbrg246_12-highres-1536x1536.jpg 1536w, https:\/\/moebel-schroeder.net\/wp-content\/uploads\/2022\/10\/mbrg246_12-highres-2048x2048.jpg 2048w\" sizes=\"auto, (max-width: 1024px) 100vw, 1024px\" \/><figcaption class=\"wp-element-caption\">Frech modern?<\/figcaption><\/figure>\n\n\n\n<figure class=\"wp-block-image size-large\"><img loading=\"lazy\" decoding=\"async\" width=\"1024\" height=\"699\" data-id=\"136\" src=\"https:\/\/moebel-schroeder.net\/wp-content\/uploads\/2022\/10\/mlp279_03-highres-1024x699.jpg\" alt=\"\" class=\"wp-image-136\" srcset=\"https:\/\/moebel-schroeder.net\/wp-content\/uploads\/2022\/10\/mlp279_03-highres-1024x699.jpg 1024w, https:\/\/moebel-schroeder.net\/wp-content\/uploads\/2022\/10\/mlp279_03-highres-300x205.jpg 300w, https:\/\/moebel-schroeder.net\/wp-content\/uploads\/2022\/10\/mlp279_03-highres-768x524.jpg 768w, https:\/\/moebel-schroeder.net\/wp-content\/uploads\/2022\/10\/mlp279_03-highres-1536x1048.jpg 1536w, https:\/\/moebel-schroeder.net\/wp-content\/uploads\/2022\/10\/mlp279_03-highres-2048x1397.jpg 2048w\" sizes=\"auto, (max-width: 1024px) 100vw, 1024px\" \/><figcaption class=\"wp-element-caption\">Edel in schwarz?<\/figcaption><\/figure>\n<\/figure>\n\n\n\n<p>Wir k\u00f6nnen Ihnen leider nur einen kleinen Auszug von dem zeigen, was m\u00f6glich ist. <\/p>\n\n\n\n<p>In einer guten und funktionalen K\u00fcche d\u00fcrfen die Einbauger\u00e4te nicht fehlen. Bei uns bekommen Sie Ger\u00e4te der Top Marken Bora, Miele, Neff, Bosch, Bauknecht und Grundig sowie f\u00fcr den preisbewussten Kunden, Ger\u00e4te der Marke Gorenje, Beko oder PKM inkl. der Marken unserer K\u00fcchehersteller. <\/p>\n\n\n\n<figure class=\"wp-block-gallery has-nested-images columns-default is-cropped wp-block-gallery-2 is-layout-flex wp-block-gallery-is-layout-flex\">\n<figure class=\"wp-block-image size-large\"><img loading=\"lazy\" decoding=\"async\" width=\"1024\" height=\"845\" data-id=\"143\" src=\"https:\/\/moebel-schroeder.net\/wp-content\/uploads\/2022\/10\/18226275_StiWa_Container_SPV6ZMX23E_1600x1320-1024x845.webp\" alt=\"\" class=\"wp-image-143\" srcset=\"https:\/\/moebel-schroeder.net\/wp-content\/uploads\/2022\/10\/18226275_StiWa_Container_SPV6ZMX23E_1600x1320-1024x845.webp 1024w, https:\/\/moebel-schroeder.net\/wp-content\/uploads\/2022\/10\/18226275_StiWa_Container_SPV6ZMX23E_1600x1320-300x248.webp 300w, https:\/\/moebel-schroeder.net\/wp-content\/uploads\/2022\/10\/18226275_StiWa_Container_SPV6ZMX23E_1600x1320-768x634.webp 768w, https:\/\/moebel-schroeder.net\/wp-content\/uploads\/2022\/10\/18226275_StiWa_Container_SPV6ZMX23E_1600x1320.webp 1200w\" sizes=\"auto, (max-width: 1024px) 100vw, 1024px\" \/><\/figure>\n\n\n\n<figure class=\"wp-block-image size-large\"><img loading=\"lazy\" decoding=\"async\" width=\"1024\" height=\"845\" data-id=\"145\" src=\"https:\/\/moebel-schroeder.net\/wp-content\/uploads\/2022\/10\/19853083_BO_StiWa_1600x1320px-1024x845.webp\" alt=\"\" class=\"wp-image-145\" srcset=\"https:\/\/moebel-schroeder.net\/wp-content\/uploads\/2022\/10\/19853083_BO_StiWa_1600x1320px-1024x845.webp 1024w, https:\/\/moebel-schroeder.net\/wp-content\/uploads\/2022\/10\/19853083_BO_StiWa_1600x1320px-300x248.webp 300w, https:\/\/moebel-schroeder.net\/wp-content\/uploads\/2022\/10\/19853083_BO_StiWa_1600x1320px-768x634.webp 768w, https:\/\/moebel-schroeder.net\/wp-content\/uploads\/2022\/10\/19853083_BO_StiWa_1600x1320px.webp 1200w\" sizes=\"auto, (max-width: 1024px) 100vw, 1024px\" \/><\/figure>\n\n\n\n<figure class=\"wp-block-image size-large\"><img loading=\"lazy\" decoding=\"async\" width=\"670\" height=\"503\" data-id=\"147\" src=\"https:\/\/moebel-schroeder.net\/wp-content\/uploads\/2022\/10\/bosch-marketingwelt-integrierter-glas-dunstabzug-design.jpg\" alt=\"\" class=\"wp-image-147\" srcset=\"https:\/\/moebel-schroeder.net\/wp-content\/uploads\/2022\/10\/bosch-marketingwelt-integrierter-glas-dunstabzug-design.jpg 670w, https:\/\/moebel-schroeder.net\/wp-content\/uploads\/2022\/10\/bosch-marketingwelt-integrierter-glas-dunstabzug-design-300x225.jpg 300w\" sizes=\"auto, (max-width: 670px) 100vw, 670px\" \/><\/figure>\n\n\n\n<figure class=\"wp-block-image size-large\"><img loading=\"lazy\" decoding=\"async\" width=\"670\" height=\"503\" data-id=\"146\" src=\"https:\/\/moebel-schroeder.net\/wp-content\/uploads\/2022\/10\/bosch-marketingwelt-integrierter-glas-dunstabzug-guided-air.jpg\" alt=\"\" class=\"wp-image-146\" srcset=\"https:\/\/moebel-schroeder.net\/wp-content\/uploads\/2022\/10\/bosch-marketingwelt-integrierter-glas-dunstabzug-guided-air.jpg 670w, https:\/\/moebel-schroeder.net\/wp-content\/uploads\/2022\/10\/bosch-marketingwelt-integrierter-glas-dunstabzug-guided-air-300x225.jpg 300w\" sizes=\"auto, (max-width: 670px) 100vw, 670px\" \/><\/figure>\n\n\n\n<figure class=\"wp-block-image size-large\"><img loading=\"lazy\" decoding=\"async\" width=\"1024\" height=\"512\" data-id=\"148\" src=\"https:\/\/moebel-schroeder.net\/wp-content\/uploads\/2022\/10\/integrierter-glas-dunstabzug-title-1024x512.jpg\" alt=\"\" class=\"wp-image-148\" srcset=\"https:\/\/moebel-schroeder.net\/wp-content\/uploads\/2022\/10\/integrierter-glas-dunstabzug-title-1024x512.jpg 1024w, https:\/\/moebel-schroeder.net\/wp-content\/uploads\/2022\/10\/integrierter-glas-dunstabzug-title-300x150.jpg 300w, https:\/\/moebel-schroeder.net\/wp-content\/uploads\/2022\/10\/integrierter-glas-dunstabzug-title-768x384.jpg 768w, https:\/\/moebel-schroeder.net\/wp-content\/uploads\/2022\/10\/integrierter-glas-dunstabzug-title-1536x768.jpg 1536w, https:\/\/moebel-schroeder.net\/wp-content\/uploads\/2022\/10\/integrierter-glas-dunstabzug-title.jpg 1600w\" sizes=\"auto, (max-width: 1024px) 100vw, 1024px\" \/><\/figure>\n\n\n\n<figure class=\"wp-block-image size-large\"><img loading=\"lazy\" decoding=\"async\" width=\"1024\" height=\"576\" data-id=\"144\" src=\"https:\/\/moebel-schroeder.net\/wp-content\/uploads\/2022\/10\/MCIM03422238_Bosch-Erleben_Sally_Backblech_1600x900-1024x576.webp\" alt=\"\" class=\"wp-image-144\" srcset=\"https:\/\/moebel-schroeder.net\/wp-content\/uploads\/2022\/10\/MCIM03422238_Bosch-Erleben_Sally_Backblech_1600x900-1024x576.webp 1024w, https:\/\/moebel-schroeder.net\/wp-content\/uploads\/2022\/10\/MCIM03422238_Bosch-Erleben_Sally_Backblech_1600x900-300x169.webp 300w, https:\/\/moebel-schroeder.net\/wp-content\/uploads\/2022\/10\/MCIM03422238_Bosch-Erleben_Sally_Backblech_1600x900-768x432.webp 768w, https:\/\/moebel-schroeder.net\/wp-content\/uploads\/2022\/10\/MCIM03422238_Bosch-Erleben_Sally_Backblech_1600x900.webp 1200w\" sizes=\"auto, (max-width: 1024px) 100vw, 1024px\" \/><\/figure>\n<figcaption class=\"blocks-gallery-caption wp-element-caption\">Bei uns bekommen Sie auch Bosch Einbauger\u00e4te der Serie accentline und carbon black.<\/figcaption><\/figure>\n\n\n\n<p><\/p>\n\n\n\n<h6 class=\"wp-block-heading\">Wir sind <img loading=\"lazy\" decoding=\"async\" width=\"100\" height=\"20\" class=\"wp-image-277\" style=\"width: 100px;\" src=\"http:\/\/moebel-schroeder.net\/wp-content\/uploads\/2022\/12\/bora_logo_black.jpg\" alt=\"\" srcset=\"https:\/\/moebel-schroeder.net\/wp-content\/uploads\/2022\/12\/bora_logo_black.jpg 2000w, https:\/\/moebel-schroeder.net\/wp-content\/uploads\/2022\/12\/bora_logo_black-300x60.jpg 300w, https:\/\/moebel-schroeder.net\/wp-content\/uploads\/2022\/12\/bora_logo_black-1024x206.jpg 1024w, https:\/\/moebel-schroeder.net\/wp-content\/uploads\/2022\/12\/bora_logo_black-768x155.jpg 768w, https:\/\/moebel-schroeder.net\/wp-content\/uploads\/2022\/12\/bora_logo_black-1536x310.jpg 1536w\" sizes=\"auto, (max-width: 100px) 100vw, 100px\" \/> Handelspartner, <\/h6>\n\n\n\n<p>gerne stellen wir Ihnen die stylischen Bora-Ger\u00e4te vor. Diese sind sowohl optisch als auch technisch perfekt konstruiert. Wir zeigen Ihnen in unserer Ausstellung das GP4 , das Bora Pure, das Bora X Pure und das Bora S Pure Kochfeld mit integriertem Dunstabzug. Au\u00dferdem das  Classic 2.0 als Induktionkochfeld kombiniert mit einem Dunstabzug und Tepangrill. Neu im Programm ist der XBo FlexBackofen, auch diesen stellen wir Ihnen gerne pers\u00f6nlich vor. Kommen Sie zu uns und lassen Sie sich beraten. <\/p>\n\n\n\n<style>iframe#boraIframe{width:100%;}<\/style> <iframe id=\"boraIframe\" src=\"https:\/\/www.bora.com\/de\/de\/microsite-bora-hp\/\" width=\"100%\" scrolling=\"no\" frameBorder=\"0\"><\/iframe> <script src=\"https:\/\/www.bora.com\/typo3conf\/ext\/coulis\/Resources\/Public\/Javascript\/iframeResizer.min.js\" type=\"text\/javascript\"><\/script> <script>iFrameResize()<\/script>\n","protected":false},"excerpt":{"rendered":"<p>Ihre K\u00fcche zu Hause ist sicherlich mit der wichtigste Raum. Wir helfen Ihnen beim neugestalten. Wir planen und beraten Sie gerne. Von welchem Hersteller Sie sich Ihre neue K\u00fcche auch aussuchen, Nolte, Nobilia, Bauformat oder Burger, alle bieten eine unglaubliche Vielfalt. Aus diesem Grund ist es nur logisch, dass wir gemeinsam am PC in 3D [&hellip;]<\/p>\n","protected":false},"author":1,"featured_media":0,"parent":0,"menu_order":0,"comment_status":"closed","ping_status":"closed","template":"","meta":{"footnotes":""},"class_list":["post-105","page","type-page","status-publish","hentry"],"_links":{"self":[{"href":"https:\/\/moebel-schroeder.net\/index.html\/wp-json\/wp\/v2\/pages\/105","targetHints":{"allow":["GET"]}}],"collection":[{"href":"https:\/\/moebel-schroeder.net\/index.html\/wp-json\/wp\/v2\/pages"}],"about":[{"href":"https:\/\/moebel-schroeder.net\/index.html\/wp-json\/wp\/v2\/types\/page"}],"author":[{"embeddable":true,"href":"https:\/\/moebel-schroeder.net\/index.html\/wp-json\/wp\/v2\/users\/1"}],"replies":[{"embeddable":true,"href":"https:\/\/moebel-schroeder.net\/index.html\/wp-json\/wp\/v2\/comments?post=105"}],"version-history":[{"count":18,"href":"https:\/\/moebel-schroeder.net\/index.html\/wp-json\/wp\/v2\/pages\/105\/revisions"}],"predecessor-version":[{"id":281,"href":"https:\/\/moebel-schroeder.net\/index.html\/wp-json\/wp\/v2\/pages\/105\/revisions\/281"}],"wp:attachment":[{"href":"https:\/\/moebel-schroeder.net\/index.html\/wp-json\/wp\/v2\/media?parent=105"}],"curies":[{"name":"wp","href":"https:\/\/api.w.org\/{rel}","templated":true}]}}